{"id":4338,"date":"2023-10-30T15:03:44","date_gmt":"2023-10-30T14:03:44","guid":{"rendered":"https:\/\/www.darelmaq.com\/helpie_faq\/comment-utiliser-le-sauna-prive-chez-dar-el-maq-asilah\/"},"modified":"2025-09-06T21:59:23","modified_gmt":"2025-09-06T19:59:23","slug":"comment-utiliser-le-sauna-prive-chez-dar-el-maq-asilah","status":"publish","type":"helpie_faq","link":"https:\/\/www.darelmaq.com\/en\/helpie_faq\/comment-utiliser-le-sauna-prive-chez-dar-el-maq-asilah\/","title":{"rendered":"Comment utiliser le sauna priv\u00e9 chez DAR EL MAQ Asilah ?"},"content":{"rendered":"<p>Notre maison de vacances \u00e0 DAR EL MAQ Asilah, dispose d\u2019un sauna qui vous permettra de vous d\u00e9tendre et de vous ressourcer pendant votre s\u00e9jour. Ce sauna a \u00e9t\u00e9 con\u00e7u pour vous offrir une exp\u00e9rience de bien-\u00eatre et de relaxation totale. Avec son ambiance chaleureuse et accueillante, c\u2019est l\u2019endroit id\u00e9al pour vous d\u00e9connecter et lib\u00e9rer le stress apr\u00e8s une journ\u00e9e d\u2019exploration \u00e0 Asilah. Vous pouvez profiter de s\u00e9ances de sauna priv\u00e9es \u00e0 tout moment, ce qui rendra votre s\u00e9jour \u00e0 Dar el Maq encore plus agr\u00e9able.<\/p>\n<ol>\n<li>Pr\u00e9chauffer pour atteindre la temp\u00e9rature souhait\u00e9e<\/li>\n<li>Placez une serviette sur le banc avant de vous asseoir.<\/li>\n<li>S\u00e9ance recommand\u00e9e entre 10 et 20 minutes maximum.<\/li>\n<\/ol>\n","protected":false},"excerpt":{"rendered":"<p>Notre maison de vacances \u00e0 DAR EL MAQ Asilah, dispose d\u2019un sauna qui vous permettra de vous d\u00e9tendre et de [&hellip;]<\/p>\n","protected":false},"author":1,"featured_media":0,"menu_order":0,"comment_status":"closed","ping_status":"closed","template":"","format":"standard","meta":{"footnotes":""},"helpie_faq_category":[231],"helpie_faq_group":[225],"class_list":["post-4338","helpie_faq","type-helpie_faq","status-publish","format-standard","hentry","helpie_faq_category-divers","helpie_faq_group-faq"],"yoast_head":"<!-- This site is optimized with the Yoast SEO plugin v27.5 - https:\/\/yoast.com\/product\/yoast-seo-wordpress\/ -->\n<title>Comment utiliser le sauna priv\u00e9 chez DAR EL MAQ Asilah ? - Dar el Maq<\/title>\n<meta name=\"robots\" content=\"index, follow, max-snippet:-1, max-image-preview:large, max-video-preview:-1\" \/>\n<link rel=\"canonical\" href=\"https:\/\/www.darelmaq.com\/en\/helpie_faq\/comment-utiliser-le-sauna-prive-chez-dar-el-maq-asilah\/\" \/>\n<meta property=\"og:locale\" content=\"en_US\" \/>\n<meta property=\"og:type\" content=\"article\" \/>\n<meta property=\"og:title\" content=\"Comment utiliser le sauna priv\u00e9 chez DAR EL MAQ Asilah ? - Dar el Maq\" \/>\n<meta property=\"og:description\" content=\"Notre maison de vacances \u00e0 DAR EL MAQ Asilah, dispose d\u2019un sauna qui vous permettra de vous d\u00e9tendre et de [&hellip;]\" \/>\n<meta property=\"og:url\" content=\"https:\/\/www.darelmaq.com\/en\/helpie_faq\/comment-utiliser-le-sauna-prive-chez-dar-el-maq-asilah\/\" \/>\n<meta property=\"og:site_name\" content=\"Dar el Maq\" \/>\n<meta property=\"article:modified_time\" content=\"2025-09-06T19:59:23+00:00\" \/>\n<meta name=\"twitter:card\" content=\"summary_large_image\" \/>\n<meta name=\"twitter:label1\" content=\"Est. reading time\" \/>\n\t<meta name=\"twitter:data1\" content=\"1 minute\" \/>\n<script type=\"application\/ld+json\" class=\"yoast-schema-graph\">{\"@context\":\"https:\\\/\\\/schema.org\",\"@graph\":[{\"@type\":\"WebPage\",\"@id\":\"https:\\\/\\\/www.darelmaq.com\\\/en\\\/helpie_faq\\\/comment-utiliser-le-sauna-prive-chez-dar-el-maq-asilah\\\/\",\"url\":\"https:\\\/\\\/www.darelmaq.com\\\/en\\\/helpie_faq\\\/comment-utiliser-le-sauna-prive-chez-dar-el-maq-asilah\\\/\",\"name\":\"Comment utiliser le sauna priv\u00e9 chez DAR EL MAQ Asilah ? - Dar el Maq\",\"isPartOf\":{\"@id\":\"https:\\\/\\\/www.darelmaq.com\\\/en\\\/#website\"},\"datePublished\":\"2023-10-30T14:03:44+00:00\",\"dateModified\":\"2025-09-06T19:59:23+00:00\",\"breadcrumb\":{\"@id\":\"https:\\\/\\\/www.darelmaq.com\\\/en\\\/helpie_faq\\\/comment-utiliser-le-sauna-prive-chez-dar-el-maq-asilah\\\/#breadcrumb\"},\"inLanguage\":\"en-US\",\"potentialAction\":[{\"@type\":\"ReadAction\",\"target\":[\"https:\\\/\\\/www.darelmaq.com\\\/en\\\/helpie_faq\\\/comment-utiliser-le-sauna-prive-chez-dar-el-maq-asilah\\\/\"]}]},{\"@type\":\"BreadcrumbList\",\"@id\":\"https:\\\/\\\/www.darelmaq.com\\\/en\\\/helpie_faq\\\/comment-utiliser-le-sauna-prive-chez-dar-el-maq-asilah\\\/#breadcrumb\",\"itemListElement\":[{\"@type\":\"ListItem\",\"position\":1,\"name\":\"Accueil\",\"item\":\"https:\\\/\\\/www.darelmaq.com\\\/en\\\/\"},{\"@type\":\"ListItem\",\"position\":2,\"name\":\"FAQs\",\"item\":\"https:\\\/\\\/www.darelmaq.com\\\/en\\\/helpie_faq\\\/\"},{\"@type\":\"ListItem\",\"position\":3,\"name\":\"Comment utiliser le sauna priv\u00e9 chez DAR EL MAQ Asilah ?\"}]},{\"@type\":\"WebSite\",\"@id\":\"https:\\\/\\\/www.darelmaq.com\\\/en\\\/#website\",\"url\":\"https:\\\/\\\/www.darelmaq.com\\\/en\\\/\",\"name\":\"Dar el Maq\",\"description\":\"Dar el maq, vue oc\u00e9an et sauna\",\"publisher\":{\"@id\":\"https:\\\/\\\/www.darelmaq.com\\\/en\\\/#organization\"},\"potentialAction\":[{\"@type\":\"SearchAction\",\"target\":{\"@type\":\"EntryPoint\",\"urlTemplate\":\"https:\\\/\\\/www.darelmaq.com\\\/en\\\/?s={search_term_string}\"},\"query-input\":{\"@type\":\"PropertyValueSpecification\",\"valueRequired\":true,\"valueName\":\"search_term_string\"}}],\"inLanguage\":\"en-US\"},{\"@type\":\"Organization\",\"@id\":\"https:\\\/\\\/www.darelmaq.com\\\/en\\\/#organization\",\"name\":\"Dar el Maq\",\"url\":\"https:\\\/\\\/www.darelmaq.com\\\/en\\\/\",\"logo\":{\"@type\":\"ImageObject\",\"inLanguage\":\"en-US\",\"@id\":\"https:\\\/\\\/www.darelmaq.com\\\/en\\\/#\\\/schema\\\/logo\\\/image\\\/\",\"url\":\"https:\\\/\\\/www.darelmaq.com\\\/wp-content\\\/uploads\\\/2022\\\/08\\\/plaque-dar-el-maq-scaled.jpg\",\"contentUrl\":\"https:\\\/\\\/www.darelmaq.com\\\/wp-content\\\/uploads\\\/2022\\\/08\\\/plaque-dar-el-maq-scaled.jpg\",\"width\":2560,\"height\":1707,\"caption\":\"Dar el Maq\"},\"image\":{\"@id\":\"https:\\\/\\\/www.darelmaq.com\\\/en\\\/#\\\/schema\\\/logo\\\/image\\\/\"},\"sameAs\":[\"https:\\\/\\\/www.instagram.com\\\/darelmaq_asilah\\\/yoast\"]}]}<\/script>\n<!-- \/ Yoast SEO plugin. -->","yoast_head_json":{"title":"Comment utiliser le sauna priv\u00e9 chez DAR EL MAQ Asilah ? - Dar el Maq","robots":{"index":"index","follow":"follow","max-snippet":"max-snippet:-1","max-image-preview":"max-image-preview:large","max-video-preview":"max-video-preview:-1"},"canonical":"https:\/\/www.darelmaq.com\/en\/helpie_faq\/comment-utiliser-le-sauna-prive-chez-dar-el-maq-asilah\/","og_locale":"en_US","og_type":"article","og_title":"Comment utiliser le sauna priv\u00e9 chez DAR EL MAQ Asilah ? - Dar el Maq","og_description":"Notre maison de vacances \u00e0 DAR EL MAQ Asilah, dispose d\u2019un sauna qui vous permettra de vous d\u00e9tendre et de [&hellip;]","og_url":"https:\/\/www.darelmaq.com\/en\/helpie_faq\/comment-utiliser-le-sauna-prive-chez-dar-el-maq-asilah\/","og_site_name":"Dar el Maq","article_modified_time":"2025-09-06T19:59:23+00:00","twitter_card":"summary_large_image","twitter_misc":{"Est. reading time":"1 minute"},"schema":{"@context":"https:\/\/schema.org","@graph":[{"@type":"WebPage","@id":"https:\/\/www.darelmaq.com\/en\/helpie_faq\/comment-utiliser-le-sauna-prive-chez-dar-el-maq-asilah\/","url":"https:\/\/www.darelmaq.com\/en\/helpie_faq\/comment-utiliser-le-sauna-prive-chez-dar-el-maq-asilah\/","name":"Comment utiliser le sauna priv\u00e9 chez DAR EL MAQ Asilah ? - Dar el Maq","isPartOf":{"@id":"https:\/\/www.darelmaq.com\/en\/#website"},"datePublished":"2023-10-30T14:03:44+00:00","dateModified":"2025-09-06T19:59:23+00:00","breadcrumb":{"@id":"https:\/\/www.darelmaq.com\/en\/helpie_faq\/comment-utiliser-le-sauna-prive-chez-dar-el-maq-asilah\/#breadcrumb"},"inLanguage":"en-US","potentialAction":[{"@type":"ReadAction","target":["https:\/\/www.darelmaq.com\/en\/helpie_faq\/comment-utiliser-le-sauna-prive-chez-dar-el-maq-asilah\/"]}]},{"@type":"BreadcrumbList","@id":"https:\/\/www.darelmaq.com\/en\/helpie_faq\/comment-utiliser-le-sauna-prive-chez-dar-el-maq-asilah\/#breadcrumb","itemListElement":[{"@type":"ListItem","position":1,"name":"Accueil","item":"https:\/\/www.darelmaq.com\/en\/"},{"@type":"ListItem","position":2,"name":"FAQs","item":"https:\/\/www.darelmaq.com\/en\/helpie_faq\/"},{"@type":"ListItem","position":3,"name":"Comment utiliser le sauna priv\u00e9 chez DAR EL MAQ Asilah ?"}]},{"@type":"WebSite","@id":"https:\/\/www.darelmaq.com\/en\/#website","url":"https:\/\/www.darelmaq.com\/en\/","name":"Dar el Maq","description":"Dar el maq, vue oc\u00e9an et sauna","publisher":{"@id":"https:\/\/www.darelmaq.com\/en\/#organization"},"potentialAction":[{"@type":"SearchAction","target":{"@type":"EntryPoint","urlTemplate":"https:\/\/www.darelmaq.com\/en\/?s={search_term_string}"},"query-input":{"@type":"PropertyValueSpecification","valueRequired":true,"valueName":"search_term_string"}}],"inLanguage":"en-US"},{"@type":"Organization","@id":"https:\/\/www.darelmaq.com\/en\/#organization","name":"Dar el Maq","url":"https:\/\/www.darelmaq.com\/en\/","logo":{"@type":"ImageObject","inLanguage":"en-US","@id":"https:\/\/www.darelmaq.com\/en\/#\/schema\/logo\/image\/","url":"https:\/\/www.darelmaq.com\/wp-content\/uploads\/2022\/08\/plaque-dar-el-maq-scaled.jpg","contentUrl":"https:\/\/www.darelmaq.com\/wp-content\/uploads\/2022\/08\/plaque-dar-el-maq-scaled.jpg","width":2560,"height":1707,"caption":"Dar el Maq"},"image":{"@id":"https:\/\/www.darelmaq.com\/en\/#\/schema\/logo\/image\/"},"sameAs":["https:\/\/www.instagram.com\/darelmaq_asilah\/yoast"]}]}},"_links":{"self":[{"href":"https:\/\/www.darelmaq.com\/en\/wp-json\/wp\/v2\/helpie_faq\/4338","targetHints":{"allow":["GET"]}}],"collection":[{"href":"https:\/\/www.darelmaq.com\/en\/wp-json\/wp\/v2\/helpie_faq"}],"about":[{"href":"https:\/\/www.darelmaq.com\/en\/wp-json\/wp\/v2\/types\/helpie_faq"}],"author":[{"embeddable":true,"href":"https:\/\/www.darelmaq.com\/en\/wp-json\/wp\/v2\/users\/1"}],"replies":[{"embeddable":true,"href":"https:\/\/www.darelmaq.com\/en\/wp-json\/wp\/v2\/comments?post=4338"}],"version-history":[{"count":5,"href":"https:\/\/www.darelmaq.com\/en\/wp-json\/wp\/v2\/helpie_faq\/4338\/revisions"}],"predecessor-version":[{"id":4509,"href":"https:\/\/www.darelmaq.com\/en\/wp-json\/wp\/v2\/helpie_faq\/4338\/revisions\/4509"}],"wp:attachment":[{"href":"https:\/\/www.darelmaq.com\/en\/wp-json\/wp\/v2\/media?parent=4338"}],"wp:term":[{"taxonomy":"helpie_faq_category","embeddable":true,"href":"https:\/\/www.darelmaq.com\/en\/wp-json\/wp\/v2\/helpie_faq_category?post=4338"},{"taxonomy":"helpie_faq_group","embeddable":true,"href":"https:\/\/www.darelmaq.com\/en\/wp-json\/wp\/v2\/helpie_faq_group?post=4338"}],"curies":[{"name":"wp","href":"https:\/\/api.w.org\/{rel}","templated":true}]}}